{"version":"1.0","provider_name":"Eyesen","provider_url":"https:\/\/www.eyesen.lu\/fr\/","author_name":"F.Levy","author_url":"https:\/\/www.eyesen.lu\/fr\/author\/f-levy\/","title":"Justificatif de d\u00e9placement professionnel - Eyesen","type":"rich","width":600,"height":338,"html":"<blockquote class=\"wp-embedded-content\" data-secret=\"V3tHMKKnpF\"><a href=\"https:\/\/www.eyesen.lu\/fr\/actualites\/justificatif-de-deplacement-professionnel\/\">Justificatif de d\u00e9placement professionnel<\/a><\/blockquote><iframe sandbox=\"allow-scripts\" security=\"restricted\" src=\"https:\/\/www.eyesen.lu\/fr\/actualites\/justificatif-de-deplacement-professionnel\/embed\/#?secret=V3tHMKKnpF\" width=\"600\" height=\"338\" title=\"\u00ab\u00a0Justificatif de d\u00e9placement professionnel\u00a0\u00bb &#8212; Eyesen\" data-secret=\"V3tHMKKnpF\" frameborder=\"0\" marginwidth=\"0\" marginheight=\"0\" scrolling=\"no\" class=\"wp-embedded-content\"><\/iframe><script>\n\/*! This file is auto-generated *\/\n!function(d,l){\"use strict\";l.querySelector&&d.addEventListener&&\"undefined\"!=typeof URL&&(d.wp=d.wp||{},d.wp.receiveEmbedMessage||(d.wp.receiveEmbedMessage=function(e){var t=e.data;if((t||t.secret||t.message||t.value)&&!\/[^a-zA-Z0-9]\/.test(t.secret)){for(var s,r,n,a=l.querySelectorAll('iframe[data-secret=\"'+t.secret+'\"]'),o=l.querySelectorAll('blockquote[data-secret=\"'+t.secret+'\"]'),c=new RegExp(\"^https?:$\",\"i\"),i=0;i<o.length;i++)o[i].style.display=\"none\";for(i=0;i<a.length;i++)s=a[i],e.source===s.contentWindow&&(s.removeAttribute(\"style\"),\"height\"===t.message?(1e3<(r=parseInt(t.value,10))?r=1e3:~~r<200&&(r=200),s.height=r):\"link\"===t.message&&(r=new URL(s.getAttribute(\"src\")),n=new URL(t.value),c.test(n.protocol))&&n.host===r.host&&l.activeElement===s&&(d.top.location.href=t.value))}},d.addEventListener(\"message\",d.wp.receiveEmbedMessage,!1),l.addEventListener(\"DOMContentLoaded\",function(){for(var e,t,s=l.querySelectorAll(\"iframe.wp-embedded-content\"),r=0;r<s.length;r++)(t=(e=s[r]).getAttribute(\"data-secret\"))||(t=Math.random().toString(36).substring(2,12),e.src+=\"#?secret=\"+t,e.setAttribute(\"data-secret\",t)),e.contentWindow.postMessage({message:\"ready\",secret:t},\"*\")},!1)))}(window,document);\n<\/script>\n","description":"Votre justificatif de d\u00e9placement professionnel vous a \u00e9t\u00e9 transmis ce jour sur votre adresse email. Veuillez noter que ce justificatif est valable jusqu\u2019au 15 d\u00e9cembre 2020. Pour les personnes ne l\u2019ayant pas encore re\u00e7ue n\u2019h\u00e9sitez pas \u00e0 nous en faire la demande par email \u00e0 l\u2019adresse suivante : info@eyesen.lu Si besoin, n\u2019oubliez pas que vous [&hellip;]"}